{"id":13575,"date":"2021-11-18T14:13:29","date_gmt":"2021-11-18T14:13:29","guid":{"rendered":"https:\/\/ginefem.com\/dt_doctors\/dr-alfonso-quesada-lopez-fe\/"},"modified":"2021-12-23T13:45:54","modified_gmt":"2021-12-23T13:45:54","slug":"dr-alfonso-quesada-lopez-fe","status":"publish","type":"dt_doctors","link":"https:\/\/ginefem.com\/fr\/equipo-medico\/dr-alfonso-quesada-lopez-fe\/","title":{"rendered":"Dr. Alfonso Quesada L\u00f3pez- Fe"},"content":{"rendered":"<div class=\"wpb-content-wrapper\"><p>[vc_row][vc_column]<div id=\"dt_doctors-13575\" class=\"style1 dt-sc-doctors \"><div class=\"dt-sc-doctors-thumb-wrapper\">\t<div class=\"dt-sc-doctors-thumb\">\t\t<a href=\"https:\/\/ginefem.com\/fr\/equipo-medico\/dr-alfonso-quesada-lopez-fe\/\"><img loading=\"lazy\" decoding=\"async\" width=\"700\" height=\"1000\" src=\"https:\/\/ginefem.com\/wp-content\/uploads\/2021\/11\/Diseno-sin-titulo-85-1.png\" alt=\"\" \/>\t\t<\/a>\t<\/div><a href=\"https:\/\/ginefem.com\/fr\/equipo-medico\/dr-alfonso-quesada-lopez-fe\/\" class=\"dt-sc-button medium bordered\">Voir les d\u00e9tails<\/a><\/div><div class=\"dt-sc-doctors-details\"><h5><a href=\"https:\/\/ginefem.com\/fr\/equipo-medico\/dr-alfonso-quesada-lopez-fe\/\">Dr. Alfonso Quesada L\u00f3pez- Fe<\/a><span><\/span><\/h5><h6>Ginec\u00f3logo y Obstetra<\/h6><div class=\"dt-sc-hr-invisible-xsmall\"> <\/div><ul class=\"dt-sc-doctors-single-meta\"><li> <span>Sp\u00e9cialit\u00e9<\/span><div class=\"item-value\">Gyn\u00e9cologue et Obst\u00e9tricien<\/div><\/li><li> <span>\u00c9ducation<\/span><div class=\"item-value\"><ul class=\"child-bullet-list\">\r\n \t<li class=\"y-list--item\">Baccalaur\u00e9at en m\u00e9decine et chirurgie de l'Universit\u00e9 de Grenade, 1983-1989.<\/li>\r\n \t<li class=\"y-list--item\">Sp\u00e9cialiste de classe via MIR en gyn\u00e9cologie et obst\u00e9trique, \u00e0 l'h\u00f4pital universitaire Nuestra Se\u00f1ora de Candelaria (HUNSC)<\/li>\r\n \t<li class=\"y-list--item\">Collaboratrice p\u00e9dagogique de l'Universit\u00e9 de La Laguna dans le d\u00e9partement d'obst\u00e9trique et de gyn\u00e9cologie, p\u00e9diatrie, m\u00e9decine pr\u00e9ventive et sant\u00e9 publique, toxicologie et m\u00e9decine l\u00e9gale et m\u00e9dico-l\u00e9gale, domaine de connaissances obst\u00e9trique et gyn\u00e9cologie<\/li>\r\n \t<li class=\"y-list--item\">Co-auteur des directives cliniques actuelles sur la pathologie cervicale au service de gyn\u00e9cologie et d'obst\u00e9trique HUNSC.<\/li>\r\n<\/ul><\/div><\/li><\/ul><\/div><\/div>[\/vc_column][\/vc_row][vc_row][vc_column]<div class=\"ult-spacer spacer-69f1381c2c37a\" data-id=\"69f1381c2c37a\" data-height=\"30\" data-height-mobile=\"30\" data-height-tab=\"30\" data-height-tab-portrait=\"\" data-height-mobile-landscape=\"\" style=\"clear:both;display:block;\"><\/div>[\/vc_column][\/vc_row][vc_row][vc_column]<div class='dt-sc-tabs-horizontal-frame-container type3'><ul class='dt-sc-tabs-horizontal-frame'><li><a href=\"javascript:void(0);\">Informations g\u00e9n\u00e9rales<\/a><\/li><li><a href=\"javascript:void(0);\">Certificats<\/a><\/li><\/ul><div class='dt-sc-tabs-horizontal-frame-content'>[vc_column_text]<\/p>\n<div class=\"wpb_text_column wpb_content_element \">\n<div class=\"wpb_wrapper\">\n<p>Le Dr Alfonso \u00c1ngel Quesada L\u00f3pez-Fe est n\u00e9 \u00e0 Ja\u00e9n le 3 ao\u00fbt 1965.<\/p>\n<p>Il est dipl\u00f4m\u00e9 en M\u00e9decine et Chirurgie de l&rsquo;Universit\u00e9 de Grenade, promotion 1983-1989.<\/p>\n<p>Sp\u00e9cialiste via MIR en Gyn\u00e9cologie et Obst\u00e9trique, avec une p\u00e9riode de formation de 4 ans entre janvier 1991 et d\u00e9cembre 1994 \u00e0 l&rsquo;H\u00f4pital Universitaire Nuestra Se\u00f1ora de Candelaria (HUNSC)<\/p>\n<p>Embauch\u00e9 comme praticien sp\u00e9cialis\u00e9 dans le domaine par l&rsquo;h\u00f4pital universitaire Nuestra Se\u00f1ora de Candelaria (HUNSC) de novembre 1995 \u00e0 ce jour, obtenant une place en propri\u00e9t\u00e9 dans l&rsquo;appel de mars 1999, avec la premi\u00e8re place dans la phase d&rsquo;examen du concours-opposition.<\/p>\n<p>Parmi les diff\u00e9rents groupes de travail auxquels il participe, il commence en tant que collaborateur enseignant \u00e0 l&rsquo;Universit\u00e9 de La Laguna dans le d\u00e9partement d&rsquo;obst\u00e9trique et de gyn\u00e9cologie, p\u00e9diatrie, m\u00e9decine pr\u00e9ventive et sant\u00e9 publique, toxicologie et m\u00e9decine l\u00e9gale et m\u00e9dico-l\u00e9gale, obst\u00e9trique et domaine des connaissances m\u00e9dico-l\u00e9gales. Gyn\u00e9cologie depuis janvier 2006.<\/p>\n<\/div>\n<\/div>\n<div class=\"wpb_video_widget wpb_content_element vc_clearfix vc_video-aspect-ratio-169 vc_video-el-width-100 vc_video-align-left\">\n<div class=\"wpb_wrapper\"><\/div>\n<\/div>\n<p>[\/vc_column_text]<\/div><div class='dt-sc-tabs-horizontal-frame-content'>[vc_column_text]Tuteur r\u00e9sident dans la sp\u00e9cialit\u00e9 HUNSC Obst\u00e9trique et Gyn\u00e9cologie depuis f\u00e9vrier 2009.<\/p>\n<p>Depuis ses d\u00e9buts, il a d\u00e9velopp\u00e9 son activit\u00e9 de soins de mani\u00e8re fondamentale dans le domaine de l&rsquo;Oncologie Gyn\u00e9cologique et Pathologie du tractus g\u00e9nital inf\u00e9rieur, faisant partie de la section Oncologie gyn\u00e9cologique du HUNSC depuis 1995 et au sein du comit\u00e9 des tumeurs gyn\u00e9cologiques depuis sa cr\u00e9ation. Co-auteur des directives cliniques actuelles pour la pathologie cervicale au service de gyn\u00e9cologie et d&rsquo;obst\u00e9trique HUNSC.<\/p>\n<p>Membre de la Section de Gyn\u00e9cologie Oncologique du SEGO et de l&rsquo;Association de Pathologie Cervicale et Colposcopie, accr\u00e9dit\u00e9 comme Colposcopiste par ladite association depuis 2007.<\/p>\n<p>Auteur de publications \u00e9crites et orales en rapport avec la pathologie oncologique, du tractus g\u00e9nital inf\u00e9rieur et de l&rsquo;infection \u00e0 HPV ainsi que conf\u00e9rencier et\/ou professeur dans des cours de doctorat \u00e0 l&rsquo;Universit\u00e9 de La Laguna, dans des cours et des r\u00e9unions de la Soci\u00e9t\u00e9 canarienne d&rsquo;obst\u00e9trique et de gyn\u00e9cologie et divers cours li\u00e9s \u00e0 leur sp\u00e9cialit\u00e9.[\/vc_column_text]<\/div><\/div><div class='intro-text '><h3>Vous souhaitez rencontrer notre \u00e9quipe ?<\/h3><a href=\"http:\/\/ginefem.visiblesalud.es\/fr\/contact\/\" target=\"_self\" title=\"\" class=\"dt-sc-button medium bordered with-icon icon-right\">Nous contacter!<span class='far fa-envelope'> <\/span><\/a><\/div><div class=\"ult-spacer spacer-69f1381c2c51b\" data-id=\"69f1381c2c51b\" data-height=\"70\" data-height-mobile=\"30\" data-height-tab=\"50\" data-height-tab-portrait=\"50\" data-height-mobile-landscape=\"30\" style=\"clear:both;display:block;\"><\/div>[vc_row_inner][vc_column_inner width=\u00a0\u00bb1\/2&Prime;][vc_column_text]<\/p>\n<h4 style=\"font-size: 22px; font-weight: bold;\">\u00c9quipe m\u00e9dicale professionnelle<\/h4>\n<p>Notre vocation est d&rsquo;accompagner les femmes dans les diff\u00e9rentes \u00e9tapes de leur vie, en les aidant \u00e0 rester en bonne sant\u00e9 et avec la meilleure qualit\u00e9 de vie possible, les aidant ainsi \u00e0 se sentir bien. Pour cela, nous mettons \u00e0 votre disposition une \u00e9quipe de sp\u00e9cialistes enthousiastes, dot\u00e9s d&rsquo;une vaste exp\u00e9rience et mis \u00e0 jour avec les derni\u00e8res avanc\u00e9es de la m\u00e9decine f\u00e9minine et les technologies les plus modernes, pour vous offrir un accueil chaleureux et professionnel. Ayez confiance et sentez-vous calme. Vous \u00eates entre de bonnes mains.[\/vc_column_text][\/vc_column_inner][vc_column_inner width=\u00a0\u00bb1\/2&Prime;]<ul class='dt-sc-fancy-list   arrow'>\n<li>Gyn\u00e9cologie<\/li>\n<li>Obst\u00e9trique<\/li>\n<li>Physioth\u00e9rapie gyn\u00e9cologique<\/li>\n<li>Nutrition<\/li>\n<li>Psychologie<\/li>\n<li>Orthophonie<\/li>\n<li>M\u00e9decine interne<\/li>\n<\/ul>[\/vc_column_inner][\/vc_row_inner]<div class=\"ult-spacer spacer-69f1381c2c598\" data-id=\"69f1381c2c598\" data-height=\"70\" data-height-mobile=\"30\" data-height-tab=\"50\" data-height-tab-portrait=\"50\" data-height-mobile-landscape=\"30\" style=\"clear:both;display:block;\"><\/div>[\/vc_column][\/vc_row][vc_row full_width=\u00a0\u00bbstretch_row\u00a0\u00bb css_animation=\u00a0\u00bbfadeInDown\u00a0\u00bb el_class=\u00a0\u00bbdt-sc-tertiary-color\u00a0\u00bb css=\u00a0\u00bb.vc_custom_1504348484077{padding-top: 8% !important;padding-bottom: 7% !important;}\u00a0\u00bb][vc_column width=\u00a0\u00bb1\/3&Prime;]<div class=\"ult-animation  ult-animate-viewport  ult-no-mobile \" data-animate=\"fadeInUp\" data-animation-delay=\"1\" data-animation-duration=\"1\" data-animation-iteration=\"1\" style=\"opacity:0;\" data-opacity_start_effect=\"\"><div class='dt-sc-icon-box type3 '><div class=\"icon-wrapper\"><span class='fab fa-wpforms'> <\/span><\/div><div class=\"icon-content\"><h5>\u00c9crivez<\/h5><h4><a href='http:\/\/ginefem.visiblesalud.es\/contacto\/' title='' target='_self'>\u00e0 notre formulaire<\/a><\/h4><p><\/p><\/div><\/div><\/div>[\/vc_column][vc_column width=\u00a0\u00bb1\/3&Prime;]<div class=\"ult-animation  ult-animate-viewport  ult-no-mobile \" data-animate=\"fadeInUp\" data-animation-delay=\"1.3\" data-animation-duration=\"1\" data-animation-iteration=\"1\" style=\"opacity:0;\" data-opacity_start_effect=\"\"><div class='dt-sc-icon-box type3 '><div class=\"icon-wrapper\"><span class='far fa-envelope'> <\/span><\/div><div class=\"icon-content\"><h5>Contactez-nous<\/h5><h4><a href='http:\/\/ginefem.visiblesalud.es\/contacto\/' title='' target='_self'>As-tu un doute?<\/a><\/h4><p><\/p><\/div><\/div><\/div>[\/vc_column][vc_column width=\u00a0\u00bb1\/3&Prime;]<div class=\"ult-animation  ult-animate-viewport  ult-no-mobile \" data-animate=\"fadeInUp\" data-animation-delay=\"1.6\" data-animation-duration=\"1\" data-animation-iteration=\"1\" style=\"opacity:0;\" data-opacity_start_effect=\"\"><div class='dt-sc-icon-box type3 '><div class=\"icon-wrapper\"><span class='fas fa-phone'> <\/span><\/div><div class=\"icon-content\"><h5>Appelez-nous<\/h5><h4><a href='tel:+34922241598' title='' target='_self'>+34 922 241 598<\/a><\/h4><p><\/p><\/div><\/div><\/div>[\/vc_column][\/vc_row][vc_row][vc_column offset=\u00a0\u00bbvc_hidden-lg vc_hidden-md vc_hidden-sm vc_hidden-xs\u00a0\u00bb][vc_icon][\/vc_column][\/vc_row]<\/p>\n<\/div>","protected":false},"featured_media":13429,"template":"","doctor_departments":[154],"class_list":["post-13575","dt_doctors","type-dt_doctors","status-publish","hentry","doctor_departments-ginecologo-y-obstetra-fr"],"yoast_head":"<!-- This site is optimized with the Yoast SEO plugin v27.3 - https:\/\/yoast.com\/product\/yoast-seo-wordpress\/ -->\n<title>Dr. Alfonso \u00c1ngel Quesada L\u00f3pez-Fe - Ginefem<\/title>\n<meta name=\"description\" content=\"Le Dr Alfonso \u00c1ngel Quesada L\u00f3pez-Fe est gyn\u00e9cologue et obst\u00e9tricien \u00e0 Ginefem. Il est dipl\u00f4m\u00e9 en M\u00e9decine et Chirurgie de l&#039;Universit\u00e9 de Grenade.\" \/>\n<meta name=\"robots\" content=\"index, follow, max-snippet:-1, max-image-preview:large, max-video-preview:-1\" \/>\n<link rel=\"canonical\" href=\"https:\/\/ginefem.com\/dt_doctors\/dr-alfonso-quesada-lopez-fe\/\" \/>\n<meta property=\"og:locale\" content=\"fr_FR\" \/>\n<meta property=\"og:type\" content=\"article\" \/>\n<meta property=\"og:title\" content=\"Dr. Alfonso \u00c1ngel Quesada L\u00f3pez-Fe - Ginefem\" \/>\n<meta property=\"og:description\" content=\"Le Dr Alfonso \u00c1ngel Quesada L\u00f3pez-Fe est gyn\u00e9cologue et obst\u00e9tricien \u00e0 Ginefem. Il est dipl\u00f4m\u00e9 en M\u00e9decine et Chirurgie de l&#039;Universit\u00e9 de Grenade.\" \/>\n<meta property=\"og:url\" content=\"https:\/\/ginefem.com\/dt_doctors\/dr-alfonso-quesada-lopez-fe\/\" \/>\n<meta property=\"og:site_name\" content=\"Ginefem\" \/>\n<meta property=\"article:publisher\" content=\"https:\/\/es-es.facebook.com\/GinefemMujer\/\" \/>\n<meta property=\"article:modified_time\" content=\"2021-12-23T13:45:54+00:00\" \/>\n<meta property=\"og:image\" content=\"https:\/\/ginefem.com\/wp-content\/uploads\/2021\/11\/Diseno-sin-titulo-85-1.png\" \/>\n\t<meta property=\"og:image:width\" content=\"700\" \/>\n\t<meta property=\"og:image:height\" content=\"1000\" \/>\n\t<meta property=\"og:image:type\" content=\"image\/png\" \/>\n<meta name=\"twitter:card\" content=\"summary_large_image\" \/>\n<meta name=\"twitter:site\" content=\"@Ginefem\" \/>\n<meta name=\"twitter:label1\" content=\"Dur\u00e9e de lecture estim\u00e9e\" \/>\n\t<meta name=\"twitter:data1\" content=\"3 minutes\" \/>\n<script type=\"application\/ld+json\" class=\"yoast-schema-graph\">{\"@context\":\"https:\\\/\\\/schema.org\",\"@graph\":[{\"@type\":\"WebPage\",\"@id\":\"https:\\\/\\\/ginefem.com\\\/dt_doctors\\\/dr-alfonso-quesada-lopez-fe\\\/\",\"url\":\"https:\\\/\\\/ginefem.com\\\/dt_doctors\\\/dr-alfonso-quesada-lopez-fe\\\/\",\"name\":\"Dr. Alfonso \u00c1ngel Quesada L\u00f3pez-Fe - Ginefem\",\"isPartOf\":{\"@id\":\"https:\\\/\\\/ginefem.com\\\/#website\"},\"primaryImageOfPage\":{\"@id\":\"https:\\\/\\\/ginefem.com\\\/dt_doctors\\\/dr-alfonso-quesada-lopez-fe\\\/#primaryimage\"},\"image\":{\"@id\":\"https:\\\/\\\/ginefem.com\\\/dt_doctors\\\/dr-alfonso-quesada-lopez-fe\\\/#primaryimage\"},\"thumbnailUrl\":\"https:\\\/\\\/ginefem.com\\\/wp-content\\\/uploads\\\/2021\\\/11\\\/Diseno-sin-titulo-85-1.png\",\"datePublished\":\"2021-11-18T14:13:29+00:00\",\"dateModified\":\"2021-12-23T13:45:54+00:00\",\"description\":\"Le Dr Alfonso \u00c1ngel Quesada L\u00f3pez-Fe est gyn\u00e9cologue et obst\u00e9tricien \u00e0 Ginefem. Il est dipl\u00f4m\u00e9 en M\u00e9decine et Chirurgie de l'Universit\u00e9 de Grenade.\",\"breadcrumb\":{\"@id\":\"https:\\\/\\\/ginefem.com\\\/dt_doctors\\\/dr-alfonso-quesada-lopez-fe\\\/#breadcrumb\"},\"inLanguage\":\"fr-FR\",\"potentialAction\":[{\"@type\":\"ReadAction\",\"target\":[\"https:\\\/\\\/ginefem.com\\\/dt_doctors\\\/dr-alfonso-quesada-lopez-fe\\\/\"]}]},{\"@type\":\"ImageObject\",\"inLanguage\":\"fr-FR\",\"@id\":\"https:\\\/\\\/ginefem.com\\\/dt_doctors\\\/dr-alfonso-quesada-lopez-fe\\\/#primaryimage\",\"url\":\"https:\\\/\\\/ginefem.com\\\/wp-content\\\/uploads\\\/2021\\\/11\\\/Diseno-sin-titulo-85-1.png\",\"contentUrl\":\"https:\\\/\\\/ginefem.com\\\/wp-content\\\/uploads\\\/2021\\\/11\\\/Diseno-sin-titulo-85-1.png\",\"width\":700,\"height\":1000},{\"@type\":\"BreadcrumbList\",\"@id\":\"https:\\\/\\\/ginefem.com\\\/dt_doctors\\\/dr-alfonso-quesada-lopez-fe\\\/#breadcrumb\",\"itemListElement\":[{\"@type\":\"ListItem\",\"position\":1,\"name\":\"Portada\",\"item\":\"https:\\\/\\\/ginefem.com\\\/fr\\\/\"},{\"@type\":\"ListItem\",\"position\":2,\"name\":\"Doctors\",\"item\":\"https:\\\/\\\/ginefem.com\\\/dt_doctors\\\/\"},{\"@type\":\"ListItem\",\"position\":3,\"name\":\"Dr. Alfonso Quesada L\u00f3pez- Fe\"}]},{\"@type\":\"WebSite\",\"@id\":\"https:\\\/\\\/ginefem.com\\\/#website\",\"url\":\"https:\\\/\\\/ginefem.com\\\/\",\"name\":\"Ginefem\",\"description\":\"Salud integral de la mujer\",\"potentialAction\":[{\"@type\":\"SearchAction\",\"target\":{\"@type\":\"EntryPoint\",\"urlTemplate\":\"https:\\\/\\\/ginefem.com\\\/?s={search_term_string}\"},\"query-input\":{\"@type\":\"PropertyValueSpecification\",\"valueRequired\":true,\"valueName\":\"search_term_string\"}}],\"inLanguage\":\"fr-FR\"}]}<\/script>\n<!-- \/ Yoast SEO plugin. -->","yoast_head_json":{"title":"Dr. Alfonso \u00c1ngel Quesada L\u00f3pez-Fe - Ginefem","description":"Le Dr Alfonso \u00c1ngel Quesada L\u00f3pez-Fe est gyn\u00e9cologue et obst\u00e9tricien \u00e0 Ginefem. Il est dipl\u00f4m\u00e9 en M\u00e9decine et Chirurgie de l'Universit\u00e9 de Grenade.","robots":{"index":"index","follow":"follow","max-snippet":"max-snippet:-1","max-image-preview":"max-image-preview:large","max-video-preview":"max-video-preview:-1"},"canonical":"https:\/\/ginefem.com\/dt_doctors\/dr-alfonso-quesada-lopez-fe\/","og_locale":"fr_FR","og_type":"article","og_title":"Dr. Alfonso \u00c1ngel Quesada L\u00f3pez-Fe - Ginefem","og_description":"Le Dr Alfonso \u00c1ngel Quesada L\u00f3pez-Fe est gyn\u00e9cologue et obst\u00e9tricien \u00e0 Ginefem. Il est dipl\u00f4m\u00e9 en M\u00e9decine et Chirurgie de l'Universit\u00e9 de Grenade.","og_url":"https:\/\/ginefem.com\/dt_doctors\/dr-alfonso-quesada-lopez-fe\/","og_site_name":"Ginefem","article_publisher":"https:\/\/es-es.facebook.com\/GinefemMujer\/","article_modified_time":"2021-12-23T13:45:54+00:00","og_image":[{"width":700,"height":1000,"url":"https:\/\/ginefem.com\/wp-content\/uploads\/2021\/11\/Diseno-sin-titulo-85-1.png","type":"image\/png"}],"twitter_card":"summary_large_image","twitter_site":"@Ginefem","twitter_misc":{"Dur\u00e9e de lecture estim\u00e9e":"3 minutes"},"schema":{"@context":"https:\/\/schema.org","@graph":[{"@type":"WebPage","@id":"https:\/\/ginefem.com\/dt_doctors\/dr-alfonso-quesada-lopez-fe\/","url":"https:\/\/ginefem.com\/dt_doctors\/dr-alfonso-quesada-lopez-fe\/","name":"Dr. Alfonso \u00c1ngel Quesada L\u00f3pez-Fe - Ginefem","isPartOf":{"@id":"https:\/\/ginefem.com\/#website"},"primaryImageOfPage":{"@id":"https:\/\/ginefem.com\/dt_doctors\/dr-alfonso-quesada-lopez-fe\/#primaryimage"},"image":{"@id":"https:\/\/ginefem.com\/dt_doctors\/dr-alfonso-quesada-lopez-fe\/#primaryimage"},"thumbnailUrl":"https:\/\/ginefem.com\/wp-content\/uploads\/2021\/11\/Diseno-sin-titulo-85-1.png","datePublished":"2021-11-18T14:13:29+00:00","dateModified":"2021-12-23T13:45:54+00:00","description":"Le Dr Alfonso \u00c1ngel Quesada L\u00f3pez-Fe est gyn\u00e9cologue et obst\u00e9tricien \u00e0 Ginefem. Il est dipl\u00f4m\u00e9 en M\u00e9decine et Chirurgie de l'Universit\u00e9 de Grenade.","breadcrumb":{"@id":"https:\/\/ginefem.com\/dt_doctors\/dr-alfonso-quesada-lopez-fe\/#breadcrumb"},"inLanguage":"fr-FR","potentialAction":[{"@type":"ReadAction","target":["https:\/\/ginefem.com\/dt_doctors\/dr-alfonso-quesada-lopez-fe\/"]}]},{"@type":"ImageObject","inLanguage":"fr-FR","@id":"https:\/\/ginefem.com\/dt_doctors\/dr-alfonso-quesada-lopez-fe\/#primaryimage","url":"https:\/\/ginefem.com\/wp-content\/uploads\/2021\/11\/Diseno-sin-titulo-85-1.png","contentUrl":"https:\/\/ginefem.com\/wp-content\/uploads\/2021\/11\/Diseno-sin-titulo-85-1.png","width":700,"height":1000},{"@type":"BreadcrumbList","@id":"https:\/\/ginefem.com\/dt_doctors\/dr-alfonso-quesada-lopez-fe\/#breadcrumb","itemListElement":[{"@type":"ListItem","position":1,"name":"Portada","item":"https:\/\/ginefem.com\/fr\/"},{"@type":"ListItem","position":2,"name":"Doctors","item":"https:\/\/ginefem.com\/dt_doctors\/"},{"@type":"ListItem","position":3,"name":"Dr. Alfonso Quesada L\u00f3pez- Fe"}]},{"@type":"WebSite","@id":"https:\/\/ginefem.com\/#website","url":"https:\/\/ginefem.com\/","name":"Ginefem","description":"Salud integral de la mujer","potentialAction":[{"@type":"SearchAction","target":{"@type":"EntryPoint","urlTemplate":"https:\/\/ginefem.com\/?s={search_term_string}"},"query-input":{"@type":"PropertyValueSpecification","valueRequired":true,"valueName":"search_term_string"}}],"inLanguage":"fr-FR"}]}},"_links":{"self":[{"href":"https:\/\/ginefem.com\/fr\/wp-json\/wp\/v2\/dt_doctors\/13575","targetHints":{"allow":["GET"]}}],"collection":[{"href":"https:\/\/ginefem.com\/fr\/wp-json\/wp\/v2\/dt_doctors"}],"about":[{"href":"https:\/\/ginefem.com\/fr\/wp-json\/wp\/v2\/types\/dt_doctors"}],"version-history":[{"count":4,"href":"https:\/\/ginefem.com\/fr\/wp-json\/wp\/v2\/dt_doctors\/13575\/revisions"}],"predecessor-version":[{"id":38167,"href":"https:\/\/ginefem.com\/fr\/wp-json\/wp\/v2\/dt_doctors\/13575\/revisions\/38167"}],"wp:featuredmedia":[{"embeddable":true,"href":"https:\/\/ginefem.com\/fr\/wp-json\/wp\/v2\/media\/13429"}],"wp:attachment":[{"href":"https:\/\/ginefem.com\/fr\/wp-json\/wp\/v2\/media?parent=13575"}],"wp:term":[{"taxonomy":"doctor_departments","embeddable":true,"href":"https:\/\/ginefem.com\/fr\/wp-json\/wp\/v2\/doctor_departments?post=13575"}],"curies":[{"name":"wp","href":"https:\/\/api.w.org\/{rel}","templated":true}]}}