{"id":13561,"date":"2021-10-17T12:07:37","date_gmt":"2021-10-17T12:07:37","guid":{"rendered":"https:\/\/ginefem.com\/logopedia\/"},"modified":"2022-02-04T14:06:32","modified_gmt":"2022-02-04T14:06:32","slug":"orthophonie","status":"publish","type":"page","link":"https:\/\/ginefem.com\/fr\/orthophonie\/","title":{"rendered":"Orthophonie"},"content":{"rendered":"<div class=\"wpb-content-wrapper\"><p>[vc_row][vc_column][vc_single_image image=\u00a0\u00bb37917&Prime; img_size=\u00a0\u00bbfull\u00a0\u00bb]<div class=\"ult-spacer spacer-69f164a1dae07\" data-id=\"69f164a1dae07\" data-height=\"20\" data-height-mobile=\"20\" data-height-tab=\"20\" data-height-tab-portrait=\"\" data-height-mobile-landscape=\"\" style=\"clear:both;display:block;\"><\/div>[vc_custom_heading text=\u00a0\u00bbORTHOPHONIE\u00a0\u00bb use_theme_fonts=\u00a0\u00bbyes\u00a0\u00bb]<div class='dt-sc-single-border-separator '><\/div><div class=\"ult-spacer spacer-69f164a1daeb8\" data-id=\"69f164a1daeb8\" data-height=\"50\" data-height-mobile=\"50\" data-height-tab=\"50\" data-height-tab-portrait=\"\" data-height-mobile-landscape=\"\" style=\"clear:both;display:block;\"><\/div>[vc_row_inner][vc_column_inner width=\u00a0\u00bb1\/2&Prime;][vc_column_text css=\u00a0\u00bb.vc_custom_1639486860639{margin-bottom: 0px !important;}\u00a0\u00bb]L&rsquo;orthophonie est la discipline charg\u00e9e d&rsquo;\u00e9tudier, de pr\u00e9venir, de diagnostiquer et de traiter tous les troubles li\u00e9s \u00e0 la communication, au langage, \u00e0 la parole, \u00e0 l&rsquo;audition, \u00e0 la voix&#8230; qui surviennent aussi bien chez l&rsquo;enfant que l&rsquo;adulte. Il traite \u00e9galement les probl\u00e8mes li\u00e9s \u00e0 la d\u00e9glutition et \u00e0 la mastication.[\/vc_column_text][vc_empty_space height=\u00a0\u00bb22px\u00a0\u00bb][vc_btn title=\u00a0\u00bbPRENDRE RENDEZ-VOUS\u00a0\u00bb shape=\u00a0\u00bbsquare\u00a0\u00bb size=\u00a0\u00bblg\u00a0\u00bb align=\u00a0\u00bbcenter\u00a0\u00bb button_block=\u00a0\u00bbtrue\u00a0\u00bb link=\u00a0\u00bburl:%23pide-cita\u00a0\u00bb][\/vc_column_inner][vc_column_inner width=\u00a0\u00bb1\/2&Prime;]<h3>Services de l&rsquo;unit\u00e9 d&rsquo;orthophonie :<\/h3>\n<ul class='dt-sc-fancy-list   tick'>\n<li>Troubles de la parole et du langage.<\/li>\n<li>Probl\u00e8mes de d\u00e9glutition et de mastication.<\/li>\n<li>Aphonie chronique.<\/li>\n<\/ul>[\/vc_column_inner][\/vc_row_inner]<div class=\"ult-spacer spacer-69f164a1daf65\" data-id=\"69f164a1daf65\" data-height=\"60\" data-height-mobile=\"30\" data-height-tab=\"40\" data-height-tab-portrait=\"40\" data-height-mobile-landscape=\"30\" style=\"clear:both;display:block;\"><\/div>[\/vc_column][\/vc_row][vc_row][vc_column][\/vc_column][\/vc_row][vc_row][vc_column]<div class=\"ult-spacer spacer-69f164a1daf90\" data-id=\"69f164a1daf90\" data-height=\"40\" data-height-mobile=\"20\" data-height-tab=\"30\" data-height-tab-portrait=\"30\" data-height-mobile-landscape=\"20\" style=\"clear:both;display:block;\"><\/div>[vc_column_text el_class=\u00a0\u00bbaligncenter\u00a0\u00bb]<div class='dt-sc-title with-two-border '><h2>Plus d'informations<\/h2><\/div>[\/vc_column_text]<div class='dt-sc-clear '> <\/div><div class=\"ult-spacer spacer-69f164a1db018\" data-id=\"69f164a1db018\" data-height=\"40\" data-height-mobile=\"20\" data-height-tab=\"30\" data-height-tab-portrait=\"30\" data-height-mobile-landscape=\"20\" style=\"clear:both;display:block;\"><\/div>[vc_row_inner][vc_column_inner width=\u00a0\u00bb1\/2&Prime;]<div class='dt-sc-image-caption type8 '><div class='dt-sc-image-wrapper'><a target=\"_self\" href=\"\"><img loading=\"lazy\" decoding=\"async\" width=\"420\" height=\"260\" src=\"https:\/\/ginefem.com\/wp-content\/uploads\/2021\/10\/logopeda2.png\" class=\"attachment-full\" alt=\"\" title=\"logopeda2\" srcset=\"https:\/\/ginefem.com\/wp-content\/uploads\/2021\/10\/logopeda2.png 420w, https:\/\/ginefem.com\/wp-content\/uploads\/2021\/10\/logopeda2-300x186.png 300w\" sizes=\"auto, (max-width: 420px) 100vw, 420px\" \/><\/a><\/div><div class='dt-sc-image-content'><div class='dt-sc-image-title'><h3>Consultez un orthophoniste si :<\/h3><\/div><p>Vous avez des difficult\u00e9s \u00e0 parler ou \u00e0 communiquer, ainsi que si vous avez re\u00e7u un diagnostic de maladie neurod\u00e9g\u00e9n\u00e9rative comme la maladie de Parkinson ou la maladie d&rsquo;Alzheimer.<\/p>\n<p><a href='#' target='_self' title='' class='dt-sc-button   small   filled  ' > Prendre rendez-vous <\/a><\/p><\/div><\/div>[\/vc_column_inner][vc_column_inner width=\u00a0\u00bb1\/2&Prime;]<div class='dt-sc-image-caption type8 '><div class='dt-sc-image-wrapper'><a target=\"_self\" href=\"\"><img loading=\"lazy\" decoding=\"async\" width=\"420\" height=\"260\" src=\"https:\/\/ginefem.com\/wp-content\/uploads\/2021\/10\/logopeda1.png\" class=\"attachment-full\" alt=\"\" title=\"logopeda1\" srcset=\"https:\/\/ginefem.com\/wp-content\/uploads\/2021\/10\/logopeda1.png 420w, https:\/\/ginefem.com\/wp-content\/uploads\/2021\/10\/logopeda1-300x186.png 300w\" sizes=\"auto, (max-width: 420px) 100vw, 420px\" \/><\/a><\/div><div class='dt-sc-image-content'><div class='dt-sc-image-title'><h3>Comment se passent les s\u00e9ances de l'orthophoniste ?<\/h3><\/div><p>Les s\u00e9ances sont r\u00e9alis\u00e9es individuellement et personnalis\u00e9es, selon les besoins de chaque patient.<\/p>\n<p><a href='#' target='_self' title='' class='dt-sc-button   small   filled  ' > Prendre rendez-vous <\/a><\/p><\/div><\/div>[\/vc_column_inner][\/vc_row_inner]<div class=\"ult-spacer spacer-69f164a1dce03\" data-id=\"69f164a1dce03\" data-height=\"30\" data-height-mobile=\"20\" data-height-tab=\"20\" data-height-tab-portrait=\"20\" data-height-mobile-landscape=\"20\" style=\"clear:both;display:block;\"><\/div>[\/vc_column][\/vc_row][vc_row][vc_column]<div class='dt-sc-toggle-frame-set type2 '><h5 class='dt-sc-toggle-accordion '><a href='#'>\u00bbTroubles<\/a><\/h5><div class=\"dt-sc-toggle-content\" style=\"display: none;\"><div class=\"block\">[vc_column_text css=\u00a0\u00bb.vc_custom_1639487073521{margin-bottom: 0px !important;}\u00a0\u00bb]Les enfants qui apprennent \u00e0 parler peuvent b\u00e9gayer, mais cela dispara\u00eet avec le temps. Cependant, dans les cas o\u00f9 il ne dispara\u00eet pas, cela peut indiquer qu&rsquo;il existe un trouble de la parole ou du langage qui n\u00e9cessitera un traitement par l&rsquo;orthophoniste.<\/p>\n<p>Ces troubles de la parole affectent la fluidit\u00e9 verbale et la prononciation d&rsquo;un enfant. L&rsquo;origine peut \u00eatre dans divers facteurs tels que le bilinguisme, les probl\u00e8mes auditifs&#8230; L&rsquo;un des troubles les plus fr\u00e9quents est la dysph\u00e9mie, c&rsquo;est-\u00e0-dire le b\u00e9gaiement.<\/p>\n<p>D&rsquo;autre part, les troubles du langage sont ceux dans lesquels la compr\u00e9hension du langage ne se d\u00e9veloppe pas correctement. L&rsquo;apparition de ces troubles peut \u00eatre marqu\u00e9e par des facteurs h\u00e9r\u00e9ditaires, l&rsquo;environnement physique ou psychosocial.<\/p>\n<p>La tachyph\u00e9mie et la dyslalie sont des troubles de la parole et du langage tr\u00e8s fr\u00e9quents chez les enfants. Le premier d&rsquo;entre eux est celui qui se caract\u00e9rise par le fait que l&rsquo;enfant augmente la vitesse de la parole et commet de nombreuses erreurs. Alors que dans la dyslalie il y a des d\u00e9faillances dans l&rsquo;articulation des sons.[\/vc_column_text]<\/div><\/div><h5 class='dt-sc-toggle-accordion '><a href='#'>\u00bbProbl\u00e8mes<\/a><\/h5><div class=\"dt-sc-toggle-content\" style=\"display: none;\"><div class=\"block\">[vc_column_text css=\u00a0\u00bb.vc_custom_1639487128890{margin-bottom: 0px !important;}\u00a0\u00bb]Les probl\u00e8mes de d\u00e9glutition et de mastication sont tr\u00e8s fr\u00e9quents chez les enfants et les adultes. Celles-ci se recouvrent, la plupart du temps, de comportements anxieux avant les repas (manger sans m\u00e2cher, manger tr\u00e8s vite), mais \u00e0 la longue il y a des cons\u00e9quences.<\/p>\n<p>L&rsquo;absence de contr\u00f4le de la d\u00e9glutition provoque : des douleurs dans l&rsquo;articulation, un d\u00e9placement de la m\u00e2choire, des b\u00e9ances&#8230; Ces probl\u00e8mes peuvent \u00eatre intervenus avec un travail d&rsquo;orthophonie qui se concentre sur :<\/p>\n<ul>\n<li>Stimulation pr\u00e9coce du syst\u00e8me bucco-facial<\/li>\n<li>Orientation pour favoriser la croissance correcte des dents.<\/li>\n<li>Pr\u00e9vention des probl\u00e8mes de d\u00e9glutition chez les nourrissons et les enfants.<\/li>\n<li>Intervention chez les b\u00e9b\u00e9s ayant des difficult\u00e9s alimentaires (t\u00e9t\u00e9es tr\u00e8s longues, rejet des nouveaux aliments, rejet des textures solides&#8230;).<\/li>\n<li>Travail sur les habitudes inappropri\u00e9es (succion du pouce, utilisation de la ventouse apr\u00e8s 3 ans&#8230;)<\/li>\n<\/ul>\n<p>La bouche se forme au fur et \u00e0 mesure de son utilisation, par exemple, le palais prend sa forme au fur et \u00e0 mesure que le b\u00e9b\u00e9 le pousse avec la succion du biberon. Pour cette raison, il existe quelques directives sur la fa\u00e7on de nourrir votre enfant et sur les mat\u00e9riaux \u00e0 utiliser (types de t\u00e9tines, ventouses&#8230;) qui peuvent faciliter la bonne formation de la bouche de votre b\u00e9b\u00e9 et ainsi pr\u00e9venir de futurs probl\u00e8mes de mastication, de respiration ou d&rsquo;articulation. .[\/vc_column_text]<\/div><\/div><h5 class='dt-sc-toggle-accordion '><a href='#'>\u00bbAphonie<\/a><\/h5><div class=\"dt-sc-toggle-content\" style=\"display: none;\"><div class=\"block\">[vc_column_text css=\u00a0\u00bb.vc_custom_1639487169385{margin-bottom: 0px !important;}\u00a0\u00bb]L&rsquo;enrouement est la perte de la voix, partielle ou compl\u00e8te. La plupart des probl\u00e8mes de voix r\u00e9sultent d&rsquo;une mauvaise coordination entre la respiration et la parole.<\/p>\n<p>Lorsque nous n&rsquo;aspirons pas l&rsquo;air dont nous avons besoin, nous exer\u00e7ons une tension excessive sur les cordes vocales, les endommageant et g\u00e9n\u00e9rant une dysphonie.<\/p>\n<p>En apprenant \u00e0 respirer correctement et en s&rsquo;entra\u00eenant \u00e0 la projection vocale, les probl\u00e8mes de voix peuvent \u00eatre \u00e9vit\u00e9s.[\/vc_column_text]<\/div><\/div><\/div>[\/vc_column][\/vc_row][vc_row][vc_column]<div class=\"ult-spacer spacer-69f164a1dcffb\" data-id=\"69f164a1dcffb\" data-height=\"80\" data-height-mobile=\"50\" data-height-tab=\"60\" data-height-tab-portrait=\"60\" data-height-mobile-landscape=\"50\" style=\"clear:both;display:block;\"><\/div>[\/vc_column][\/vc_row][vc_row][vc_column width=\u00a0\u00bb1\/3&Prime;]<div class='dt-sc-pr-tb-col type2 '><div class=\"dt-sc-tb-header\"><div class=\"dt-sc-tb-title\"><h5> <span>1<\/span>\u00c9tudier<br><\/h5><\/div><div class=\"dt-sc-price\"><h6> <sup><\/sup><\/h6><\/div><\/div><\/div>[\/vc_column][vc_column width=\u00a0\u00bb1\/3&Prime;]<div class='dt-sc-pr-tb-col type2 '><div class=\"dt-sc-tb-header\"><div class=\"dt-sc-tb-title\"><h5> <span>2<\/span>La pr\u00e9vention<br><\/h5><\/div><div class=\"dt-sc-price\"><h6> <sup><\/sup><\/h6><\/div><\/div><\/div>[\/vc_column][vc_column width=\u00a0\u00bb1\/3&Prime;]<div class='dt-sc-pr-tb-col type2 '><div class=\"dt-sc-tb-header\"><div class=\"dt-sc-tb-title\"><h5> <span>3<\/span>Diagnostic<br><\/h5><\/div><div class=\"dt-sc-price\"><h6> <sup><\/sup><\/h6><\/div><\/div><\/div>[\/vc_column][\/vc_row][vc_row][vc_column]<div class=\"ult-spacer spacer-69f164a1dd0b8\" data-id=\"69f164a1dd0b8\" data-height=\"80\" data-height-mobile=\"50\" data-height-tab=\"60\" data-height-tab-portrait=\"60\" data-height-mobile-landscape=\"50\" style=\"clear:both;display:block;\"><\/div>[\/vc_column][\/vc_row][vc_row][vc_column width=\u00a0\u00bb1\/2&Prime;]<div class='dt-sc-icon-box type5 '><div class=\"icon-wrapper\"><span class='fas fa-question'> <\/span><\/div><div class=\"icon-content\"><h4>Nous pouvons t'aider?<\/h4><p>Prenez rendez-vous d\u00e8s maintenant au 922 241 598 ou via ce formulaire.<\/p><\/div><\/div>[\/vc_column][vc_column width=\u00a0\u00bb1\/2&Prime;]<div class='dt-sc-icon-box type5 last'><div class=\"icon-wrapper\"><span class='far fa-calendar-alt'> <\/span><\/div><div class=\"icon-content\"><h4>Commentaires<\/h4><p>Pour un suivi et un contr\u00f4le ad\u00e9quats, il est essentiel de suivre le calendrier des visites \u00e9tabli par le sp\u00e9cialiste.<\/p><\/div><\/div>[\/vc_column][\/vc_row][vc_row][vc_column offset=\u00a0\u00bbvc_hidden-lg vc_hidden-md vc_hidden-sm vc_hidden-xs\u00a0\u00bb][vc_icon][\/vc_column][\/vc_row]<\/p>\n<\/div>","protected":false},"excerpt":{"rendered":"<p>[vc_row][vc_column][vc_single_image image=\u00a0\u00bb37917&Prime; img_size=\u00a0\u00bbfull\u00a0\u00bb][vc_custom_heading text=\u00a0\u00bbORTHOPHONIE\u00a0\u00bb use_theme_fonts=\u00a0\u00bbyes\u00a0\u00bb][vc_row_inner][vc_column_inner width=\u00a0\u00bb1\/2&Prime;][vc_column_text css=\u00a0\u00bb.vc_custom_1639486860639{margin-bottom: 0px !important;}\u00a0\u00bb]L&rsquo;orthophonie est la discipline charg\u00e9e d&rsquo;\u00e9tudier, de pr\u00e9venir, de diagnostiquer et de traiter tous les troubles li\u00e9s \u00e0 la communication, au langage, \u00e0 la parole, \u00e0 l&rsquo;audition, \u00e0 la voix&#8230; qui surviennent aussi bien chez l&rsquo;enfant que l&rsquo;adulte. Il traite \u00e9galement les probl\u00e8mes li\u00e9s \u00e0 la d\u00e9glutition [&hellip;]<\/p>\n","protected":false},"author":1,"featured_media":37917,"parent":0,"menu_order":0,"comment_status":"closed","ping_status":"closed","template":"","meta":{"_joinchat":[],"footnotes":""},"class_list":["post-13561","page","type-page","status-publish","hentry"],"yoast_head":"<!-- This site is optimized with the Yoast SEO plugin v27.3 - https:\/\/yoast.com\/product\/yoast-seo-wordpress\/ -->\n<title>Service d&#039;orthophonie \u00e0 Tenerife - Ginefem<\/title>\n<meta name=\"description\" content=\"L&#039;orthophonie est la discipline charg\u00e9e d&#039;\u00e9tudier, de pr\u00e9venir, de diagnostiquer et de traiter tous les troubles li\u00e9s \u00e0 la communication, au langage, \u00e0 la parole, \u00e0 l&#039;audition, \u00e0 la voix.\" \/>\n<meta name=\"robots\" content=\"index, follow, max-snippet:-1, max-image-preview:large, max-video-preview:-1\" \/>\n<link rel=\"canonical\" href=\"https:\/\/ginefem.com\/fr\/orthophonie\/\" \/>\n<meta property=\"og:locale\" content=\"fr_FR\" \/>\n<meta property=\"og:type\" content=\"article\" \/>\n<meta property=\"og:title\" content=\"Service d&#039;orthophonie \u00e0 Tenerife - Ginefem\" \/>\n<meta property=\"og:description\" content=\"L&#039;orthophonie est la discipline charg\u00e9e d&#039;\u00e9tudier, de pr\u00e9venir, de diagnostiquer et de traiter tous les troubles li\u00e9s \u00e0 la communication, au langage, \u00e0 la parole, \u00e0 l&#039;audition, \u00e0 la voix.\" \/>\n<meta property=\"og:url\" content=\"https:\/\/ginefem.com\/fr\/orthophonie\/\" \/>\n<meta property=\"og:site_name\" content=\"Ginefem\" \/>\n<meta property=\"article:publisher\" content=\"https:\/\/es-es.facebook.com\/GinefemMujer\/\" \/>\n<meta property=\"article:modified_time\" content=\"2022-02-04T14:06:32+00:00\" \/>\n<meta property=\"og:image\" content=\"https:\/\/ginefem.com\/wp-content\/uploads\/2021\/12\/logopedia-fra.jpg\" \/>\n\t<meta property=\"og:image:width\" content=\"900\" \/>\n\t<meta property=\"og:image:height\" content=\"600\" \/>\n\t<meta property=\"og:image:type\" content=\"image\/jpeg\" \/>\n<meta name=\"twitter:card\" content=\"summary_large_image\" \/>\n<meta name=\"twitter:site\" content=\"@Ginefem\" \/>\n<meta name=\"twitter:label1\" content=\"Dur\u00e9e de lecture estim\u00e9e\" \/>\n\t<meta name=\"twitter:data1\" content=\"4 minutes\" \/>\n<script type=\"application\/ld+json\" class=\"yoast-schema-graph\">{\"@context\":\"https:\\\/\\\/schema.org\",\"@graph\":[{\"@type\":\"WebPage\",\"@id\":\"https:\\\/\\\/ginefem.com\\\/fr\\\/orthophonie\\\/\",\"url\":\"https:\\\/\\\/ginefem.com\\\/fr\\\/orthophonie\\\/\",\"name\":\"Service d'orthophonie \u00e0 Tenerife - Ginefem\",\"isPartOf\":{\"@id\":\"https:\\\/\\\/ginefem.com\\\/#website\"},\"primaryImageOfPage\":{\"@id\":\"https:\\\/\\\/ginefem.com\\\/fr\\\/orthophonie\\\/#primaryimage\"},\"image\":{\"@id\":\"https:\\\/\\\/ginefem.com\\\/fr\\\/orthophonie\\\/#primaryimage\"},\"thumbnailUrl\":\"https:\\\/\\\/ginefem.com\\\/wp-content\\\/uploads\\\/2021\\\/12\\\/logopedia-fra.jpg\",\"datePublished\":\"2021-10-17T12:07:37+00:00\",\"dateModified\":\"2022-02-04T14:06:32+00:00\",\"description\":\"L'orthophonie est la discipline charg\u00e9e d'\u00e9tudier, de pr\u00e9venir, de diagnostiquer et de traiter tous les troubles li\u00e9s \u00e0 la communication, au langage, \u00e0 la parole, \u00e0 l'audition, \u00e0 la voix.\",\"breadcrumb\":{\"@id\":\"https:\\\/\\\/ginefem.com\\\/fr\\\/orthophonie\\\/#breadcrumb\"},\"inLanguage\":\"fr-FR\",\"potentialAction\":[{\"@type\":\"ReadAction\",\"target\":[\"https:\\\/\\\/ginefem.com\\\/fr\\\/orthophonie\\\/\"]}]},{\"@type\":\"ImageObject\",\"inLanguage\":\"fr-FR\",\"@id\":\"https:\\\/\\\/ginefem.com\\\/fr\\\/orthophonie\\\/#primaryimage\",\"url\":\"https:\\\/\\\/ginefem.com\\\/wp-content\\\/uploads\\\/2021\\\/12\\\/logopedia-fra.jpg\",\"contentUrl\":\"https:\\\/\\\/ginefem.com\\\/wp-content\\\/uploads\\\/2021\\\/12\\\/logopedia-fra.jpg\",\"width\":900,\"height\":600},{\"@type\":\"BreadcrumbList\",\"@id\":\"https:\\\/\\\/ginefem.com\\\/fr\\\/orthophonie\\\/#breadcrumb\",\"itemListElement\":[{\"@type\":\"ListItem\",\"position\":1,\"name\":\"Portada\",\"item\":\"https:\\\/\\\/ginefem.com\\\/fr\\\/\"},{\"@type\":\"ListItem\",\"position\":2,\"name\":\"Orthophonie\"}]},{\"@type\":\"WebSite\",\"@id\":\"https:\\\/\\\/ginefem.com\\\/#website\",\"url\":\"https:\\\/\\\/ginefem.com\\\/\",\"name\":\"Ginefem\",\"description\":\"Salud integral de la mujer\",\"potentialAction\":[{\"@type\":\"SearchAction\",\"target\":{\"@type\":\"EntryPoint\",\"urlTemplate\":\"https:\\\/\\\/ginefem.com\\\/?s={search_term_string}\"},\"query-input\":{\"@type\":\"PropertyValueSpecification\",\"valueRequired\":true,\"valueName\":\"search_term_string\"}}],\"inLanguage\":\"fr-FR\"}]}<\/script>\n<!-- \/ Yoast SEO plugin. -->","yoast_head_json":{"title":"Service d'orthophonie \u00e0 Tenerife - Ginefem","description":"L'orthophonie est la discipline charg\u00e9e d'\u00e9tudier, de pr\u00e9venir, de diagnostiquer et de traiter tous les troubles li\u00e9s \u00e0 la communication, au langage, \u00e0 la parole, \u00e0 l'audition, \u00e0 la voix.","robots":{"index":"index","follow":"follow","max-snippet":"max-snippet:-1","max-image-preview":"max-image-preview:large","max-video-preview":"max-video-preview:-1"},"canonical":"https:\/\/ginefem.com\/fr\/orthophonie\/","og_locale":"fr_FR","og_type":"article","og_title":"Service d'orthophonie \u00e0 Tenerife - Ginefem","og_description":"L'orthophonie est la discipline charg\u00e9e d'\u00e9tudier, de pr\u00e9venir, de diagnostiquer et de traiter tous les troubles li\u00e9s \u00e0 la communication, au langage, \u00e0 la parole, \u00e0 l'audition, \u00e0 la voix.","og_url":"https:\/\/ginefem.com\/fr\/orthophonie\/","og_site_name":"Ginefem","article_publisher":"https:\/\/es-es.facebook.com\/GinefemMujer\/","article_modified_time":"2022-02-04T14:06:32+00:00","og_image":[{"width":900,"height":600,"url":"https:\/\/ginefem.com\/wp-content\/uploads\/2021\/12\/logopedia-fra.jpg","type":"image\/jpeg"}],"twitter_card":"summary_large_image","twitter_site":"@Ginefem","twitter_misc":{"Dur\u00e9e de lecture estim\u00e9e":"4 minutes"},"schema":{"@context":"https:\/\/schema.org","@graph":[{"@type":"WebPage","@id":"https:\/\/ginefem.com\/fr\/orthophonie\/","url":"https:\/\/ginefem.com\/fr\/orthophonie\/","name":"Service d'orthophonie \u00e0 Tenerife - Ginefem","isPartOf":{"@id":"https:\/\/ginefem.com\/#website"},"primaryImageOfPage":{"@id":"https:\/\/ginefem.com\/fr\/orthophonie\/#primaryimage"},"image":{"@id":"https:\/\/ginefem.com\/fr\/orthophonie\/#primaryimage"},"thumbnailUrl":"https:\/\/ginefem.com\/wp-content\/uploads\/2021\/12\/logopedia-fra.jpg","datePublished":"2021-10-17T12:07:37+00:00","dateModified":"2022-02-04T14:06:32+00:00","description":"L'orthophonie est la discipline charg\u00e9e d'\u00e9tudier, de pr\u00e9venir, de diagnostiquer et de traiter tous les troubles li\u00e9s \u00e0 la communication, au langage, \u00e0 la parole, \u00e0 l'audition, \u00e0 la voix.","breadcrumb":{"@id":"https:\/\/ginefem.com\/fr\/orthophonie\/#breadcrumb"},"inLanguage":"fr-FR","potentialAction":[{"@type":"ReadAction","target":["https:\/\/ginefem.com\/fr\/orthophonie\/"]}]},{"@type":"ImageObject","inLanguage":"fr-FR","@id":"https:\/\/ginefem.com\/fr\/orthophonie\/#primaryimage","url":"https:\/\/ginefem.com\/wp-content\/uploads\/2021\/12\/logopedia-fra.jpg","contentUrl":"https:\/\/ginefem.com\/wp-content\/uploads\/2021\/12\/logopedia-fra.jpg","width":900,"height":600},{"@type":"BreadcrumbList","@id":"https:\/\/ginefem.com\/fr\/orthophonie\/#breadcrumb","itemListElement":[{"@type":"ListItem","position":1,"name":"Portada","item":"https:\/\/ginefem.com\/fr\/"},{"@type":"ListItem","position":2,"name":"Orthophonie"}]},{"@type":"WebSite","@id":"https:\/\/ginefem.com\/#website","url":"https:\/\/ginefem.com\/","name":"Ginefem","description":"Salud integral de la mujer","potentialAction":[{"@type":"SearchAction","target":{"@type":"EntryPoint","urlTemplate":"https:\/\/ginefem.com\/?s={search_term_string}"},"query-input":{"@type":"PropertyValueSpecification","valueRequired":true,"valueName":"search_term_string"}}],"inLanguage":"fr-FR"}]}},"_links":{"self":[{"href":"https:\/\/ginefem.com\/fr\/wp-json\/wp\/v2\/pages\/13561","targetHints":{"allow":["GET"]}}],"collection":[{"href":"https:\/\/ginefem.com\/fr\/wp-json\/wp\/v2\/pages"}],"about":[{"href":"https:\/\/ginefem.com\/fr\/wp-json\/wp\/v2\/types\/page"}],"author":[{"embeddable":true,"href":"https:\/\/ginefem.com\/fr\/wp-json\/wp\/v2\/users\/1"}],"replies":[{"embeddable":true,"href":"https:\/\/ginefem.com\/fr\/wp-json\/wp\/v2\/comments?post=13561"}],"version-history":[{"count":5,"href":"https:\/\/ginefem.com\/fr\/wp-json\/wp\/v2\/pages\/13561\/revisions"}],"predecessor-version":[{"id":39026,"href":"https:\/\/ginefem.com\/fr\/wp-json\/wp\/v2\/pages\/13561\/revisions\/39026"}],"wp:featuredmedia":[{"embeddable":true,"href":"https:\/\/ginefem.com\/fr\/wp-json\/wp\/v2\/media\/37917"}],"wp:attachment":[{"href":"https:\/\/ginefem.com\/fr\/wp-json\/wp\/v2\/media?parent=13561"}],"curies":[{"name":"wp","href":"https:\/\/api.w.org\/{rel}","templated":true}]}}